{"id":15664,"date":"2026-09-06T14:38:52","date_gmt":"2026-09-06T12:38:52","guid":{"rendered":"https:\/\/truckonline.de\/blog\/?page_id=15664"},"modified":"2026-09-06T15:07:25","modified_gmt":"2026-09-06T13:07:25","slug":"woanders","status":"publish","type":"page","link":"https:\/\/truckonline.de\/blog\/woanders\/","title":{"rendered":"Anderswo"},"content":{"rendered":"\n<p class=\"wp-block-paragraph\"><strong>Blogs:<\/strong><\/p>\n\n\n<div class=\"wp-block-blockroll-blogroll\">\n\t\t\t<nav class=\"blockroll-controls\">\n\t\t\t<span class=\"blockroll-sort\">\n\t\t\t\tSort:\t\t\t\t\t\t\t\t\t\t\t\t\t\t\t\t\t\t\t\t<span aria-current=\"true\">By name<\/span>\n\t\t\t\t\t\t\t\t\t\t\t\t\t\t\t\t\t\t\t\t\t\t\t\t\t<a href=\"\/blog\/wp-json\/wp\/v2\/pages\/15664?blockroll-sort=added\">Newest first<\/a>\n\t\t\t\t\t\t\t\t\t\t\t\t<\/span>\n\t\t<\/nav>\n\t\t<ul class=\"blockroll-list xoxo blogroll\">\n\t\t\t\t\t\t\t\t<li class=\"h-card\">\n\t\t\t\t\t\t\t\t\t\t\t\t\t\t\t<img decoding=\"async\" class=\"u-photo\" src=\"https:\/\/caasn.de\/favicon.ico\" alt=\"\" loading=\"lazy\" \/>\n\t\t\t\t\t\t\t\t\t\t\t\t\t<a class=\"u-url p-name\" rel=\"noopener\" target=\"_blank\" href=\"https:\/\/caasn.de\/\">Caasn.de<\/a>\n\t\t\t\t\t\t\t\t\t\t\t\t\t<div class=\"blockroll-meta\">\n\t\t\t\t\t\t\t\t\t\t\t\t\t<span class=\"blockroll-feed\">\n\t\t\t\t\t\t\t\t<a href=\"feed:https:\/\/caasn.de\/feed\/\" aria-label=\"Subscribe\" title=\"Subscribe\"><svg class=\"blockroll-feed-icon\" xmlns=\"http:\/\/www.w3.org\/2000\/svg\" viewBox=\"0 0 24 24\" fill=\"currentColor\" aria-hidden=\"true\" focusable=\"false\"><path d=\"M5 10.2h-.8v1.5H5c1.9 0 3.8.8 5.1 2.1 1.4 1.4 2.1 3.2 2.1 5.1v.8h1.5V19c0-2.3-.9-4.5-2.6-6.2-1.6-1.6-3.8-2.6-6.1-2.6zm10.4-1.6C12.6 5.8 8.9 4.2 5 4.2h-.8v1.5H5c3.5 0 6.9 1.4 9.4 3.9s3.9 5.8 3.9 9.4v.8h1.5V19c0-3.9-1.6-7.6-4.4-10.4zM4 20h3v-3H4v3z\"><\/path><\/svg><\/a>\n\t\t\t\t\t\t\t\t<a class=\"u-feed\" rel=\"alternate noopener\" target=\"_blank\" type=\"application\/rss+xml\" href=\"https:\/\/caasn.de\/feed\/\" title=\"Load the feed\">feed<\/a>\n\t\t\t\t\t\t\t<\/span>\n\t\t\t\t\t\t\t\t\t\t\t\t\t\t\t\t\t\t\t\t\t\t\t<\/div>\n\t\t\t\t\t\t\t<\/li>\n\t\t\t\t\t\t\t\t<li class=\"h-card\">\n\t\t\t\t\t\t\t\t\t\t\t\t\t\t\t<img decoding=\"async\" class=\"u-photo\" src=\"https:\/\/www.christiansblog.eu\/img\/Logo.png\" alt=\"\" loading=\"lazy\" \/>\n\t\t\t\t\t\t\t\t\t\t\t\t\t<a class=\"u-url p-name\" rel=\"noopener\" target=\"_blank\" href=\"https:\/\/www.christiansblog.eu\/\/\">Christians Blog<\/a>\n\t\t\t\t\t\t\t\t\t<p class=\"p-note\">online seit 2011<\/p>\n\t\t\t\t\t\t\t\t\t\t\t\t\t<div class=\"blockroll-meta\">\n\t\t\t\t\t\t\t\t\t\t\t\t\t<span class=\"blockroll-feed\">\n\t\t\t\t\t\t\t\t<a href=\"feed:https:\/\/www.christiansblog.eu\/index.xml\" aria-label=\"Subscribe\" title=\"Subscribe\"><svg class=\"blockroll-feed-icon\" xmlns=\"http:\/\/www.w3.org\/2000\/svg\" viewBox=\"0 0 24 24\" fill=\"currentColor\" aria-hidden=\"true\" focusable=\"false\"><path d=\"M5 10.2h-.8v1.5H5c1.9 0 3.8.8 5.1 2.1 1.4 1.4 2.1 3.2 2.1 5.1v.8h1.5V19c0-2.3-.9-4.5-2.6-6.2-1.6-1.6-3.8-2.6-6.1-2.6zm10.4-1.6C12.6 5.8 8.9 4.2 5 4.2h-.8v1.5H5c3.5 0 6.9 1.4 9.4 3.9s3.9 5.8 3.9 9.4v.8h1.5V19c0-3.9-1.6-7.6-4.4-10.4zM4 20h3v-3H4v3z\"><\/path><\/svg><\/a>\n\t\t\t\t\t\t\t\t<a class=\"u-feed\" rel=\"alternate noopener\" target=\"_blank\" type=\"application\/rss+xml\" href=\"https:\/\/www.christiansblog.eu\/index.xml\" title=\"Load the feed\">feed<\/a>\n\t\t\t\t\t\t\t<\/span>\n\t\t\t\t\t\t\t\t\t\t\t\t\t\t\t\t\t\t\t\t\t\t\t<\/div>\n\t\t\t\t\t\t\t<\/li>\n\t\t\t\t\t\t\t\t<li class=\"h-card\">\n\t\t\t\t\t\t\t\t\t\t\t\t\t\t\t<img decoding=\"async\" class=\"u-photo\" src=\"https:\/\/www.derglaser.de\/wp-content\/uploads\/2026\/04\/cropped-ChatGPT-Image-22.-Apr.-2026-10_28_42-32x32.png\" alt=\"\" loading=\"lazy\" \/>\n\t\t\t\t\t\t\t\t\t\t\t\t\t<a class=\"u-url p-name\" rel=\"noopener\" target=\"_blank\" href=\"https:\/\/www.derglaser.de\/\">derGlaser<\/a>\n\t\t\t\t\t\t\t\t\t<p class=\"p-note\">Pers\u00f6nlicher Blog aus K\u00f6ln \u00fcber das Leben mit Krankheit, Reha-Erfahrungen und Alltag. Ehrlich, direkt und ohne Filter \u2013 derglaser.de<\/p>\n\t\t\t\t\t\t\t\t\t\t\t\t\t<div class=\"blockroll-meta\">\n\t\t\t\t\t\t\t\t\t\t\t\t\t<span class=\"blockroll-feed\">\n\t\t\t\t\t\t\t\t<a href=\"feed:https:\/\/www.derglaser.de\/feed\/\" aria-label=\"Subscribe\" title=\"Subscribe\"><svg class=\"blockroll-feed-icon\" xmlns=\"http:\/\/www.w3.org\/2000\/svg\" viewBox=\"0 0 24 24\" fill=\"currentColor\" aria-hidden=\"true\" focusable=\"false\"><path d=\"M5 10.2h-.8v1.5H5c1.9 0 3.8.8 5.1 2.1 1.4 1.4 2.1 3.2 2.1 5.1v.8h1.5V19c0-2.3-.9-4.5-2.6-6.2-1.6-1.6-3.8-2.6-6.1-2.6zm10.4-1.6C12.6 5.8 8.9 4.2 5 4.2h-.8v1.5H5c3.5 0 6.9 1.4 9.4 3.9s3.9 5.8 3.9 9.4v.8h1.5V19c0-3.9-1.6-7.6-4.4-10.4zM4 20h3v-3H4v3z\"><\/path><\/svg><\/a>\n\t\t\t\t\t\t\t\t<a class=\"u-feed\" rel=\"alternate noopener\" target=\"_blank\" type=\"application\/rss+xml\" href=\"https:\/\/www.derglaser.de\/feed\/\" title=\"Load the feed\">feed<\/a>\n\t\t\t\t\t\t\t<\/span>\n\t\t\t\t\t\t\t\t\t\t\t\t\t\t\t\t\t\t\t\t\t\t\t<\/div>\n\t\t\t\t\t\t\t<\/li>\n\t\t\t\t\t\t\t\t<li class=\"h-card\">\n\t\t\t\t\t\t\t\t\t\t\t\t\t\t\t<img decoding=\"async\" class=\"u-photo\" src=\"https:\/\/s1.wp.com\/i\/favicon.ico?m=1713425267i\" alt=\"\" loading=\"lazy\" \/>\n\t\t\t\t\t\t\t\t\t\t\t\t\t<a class=\"u-url p-name\" rel=\"noopener\" target=\"_blank\" href=\"https:\/\/noemix.wordpress.com\/\">N\u00f6mix<\/a>\n\t\t\t\t\t\t\t\t\t\t\t\t\t<div class=\"blockroll-meta\">\n\t\t\t\t\t\t\t\t\t\t\t\t\t<span class=\"blockroll-feed\">\n\t\t\t\t\t\t\t\t<a href=\"feed:https:\/\/noemix.wordpress.com\/feed\/\" aria-label=\"Subscribe\" title=\"Subscribe\"><svg class=\"blockroll-feed-icon\" xmlns=\"http:\/\/www.w3.org\/2000\/svg\" viewBox=\"0 0 24 24\" fill=\"currentColor\" aria-hidden=\"true\" focusable=\"false\"><path d=\"M5 10.2h-.8v1.5H5c1.9 0 3.8.8 5.1 2.1 1.4 1.4 2.1 3.2 2.1 5.1v.8h1.5V19c0-2.3-.9-4.5-2.6-6.2-1.6-1.6-3.8-2.6-6.1-2.6zm10.4-1.6C12.6 5.8 8.9 4.2 5 4.2h-.8v1.5H5c3.5 0 6.9 1.4 9.4 3.9s3.9 5.8 3.9 9.4v.8h1.5V19c0-3.9-1.6-7.6-4.4-10.4zM4 20h3v-3H4v3z\"><\/path><\/svg><\/a>\n\t\t\t\t\t\t\t\t<a class=\"u-feed\" rel=\"alternate noopener\" target=\"_blank\" type=\"application\/rss+xml\" href=\"https:\/\/noemix.wordpress.com\/feed\/\" title=\"Load the feed\">feed<\/a>\n\t\t\t\t\t\t\t<\/span>\n\t\t\t\t\t\t\t\t\t\t\t\t\t\t\t\t\t\t\t\t\t\t\t<\/div>\n\t\t\t\t\t\t\t<\/li>\n\t\t\t\t\t\t\t\t<li class=\"h-card\">\n\t\t\t\t\t\t\t\t\t\t\t\t\t\t\t<img decoding=\"async\" class=\"u-photo\" src=\"https:\/\/rappelsnut.de\/content\/images\/trust.png\" alt=\"\" loading=\"lazy\" \/>\n\t\t\t\t\t\t\t\t\t\t\t\t\t<a class=\"u-url p-name\" rel=\"noopener\" target=\"_blank\" href=\"https:\/\/rappelsnut.de\/\">Rappelsnut<\/a>\n\t\t\t\t\t\t\t\t\t<p class=\"p-note\">Ein pers\u00f6nliches Tagebuch im Netz<\/p>\n\t\t\t\t\t\t\t\t\t\t\t\t\t<div class=\"blockroll-meta\">\n\t\t\t\t\t\t\t\t\t\t\t\t\t<span class=\"blockroll-feed\">\n\t\t\t\t\t\t\t\t<a href=\"feed:https:\/\/rappelsnut.de\/feed\" aria-label=\"Subscribe\" title=\"Subscribe\"><svg class=\"blockroll-feed-icon\" xmlns=\"http:\/\/www.w3.org\/2000\/svg\" viewBox=\"0 0 24 24\" fill=\"currentColor\" aria-hidden=\"true\" focusable=\"false\"><path d=\"M5 10.2h-.8v1.5H5c1.9 0 3.8.8 5.1 2.1 1.4 1.4 2.1 3.2 2.1 5.1v.8h1.5V19c0-2.3-.9-4.5-2.6-6.2-1.6-1.6-3.8-2.6-6.1-2.6zm10.4-1.6C12.6 5.8 8.9 4.2 5 4.2h-.8v1.5H5c3.5 0 6.9 1.4 9.4 3.9s3.9 5.8 3.9 9.4v.8h1.5V19c0-3.9-1.6-7.6-4.4-10.4zM4 20h3v-3H4v3z\"><\/path><\/svg><\/a>\n\t\t\t\t\t\t\t\t<a class=\"u-feed\" rel=\"alternate noopener\" target=\"_blank\" type=\"application\/rss+xml\" href=\"https:\/\/rappelsnut.de\/feed\" title=\"Load the feed\">feed<\/a>\n\t\t\t\t\t\t\t<\/span>\n\t\t\t\t\t\t\t\t\t\t\t\t\t\t\t\t\t\t\t\t\t\t\t<\/div>\n\t\t\t\t\t\t\t<\/li>\n\t\t\t\t\t\t\t\t<li class=\"h-card\">\n\t\t\t\t\t\t\t\t\t\t\t\t\t\t\t<img decoding=\"async\" class=\"u-photo\" src=\"https:\/\/rocknrolltrucking.blogspot.com\/favicon.ico\" alt=\"\" loading=\"lazy\" \/>\n\t\t\t\t\t\t\t\t\t\t\t\t\t<a class=\"u-url p-name\" rel=\"noopener\" target=\"_blank\" href=\"https:\/\/rocknrolltrucking.blogspot.com\/\">Rock`nRollTrucking<\/a>\n\t\t\t\t\t\t\t\t\t\t\t\t\t<div class=\"blockroll-meta\">\n\t\t\t\t\t\t\t\t\t\t\t\t\t<span class=\"blockroll-feed\">\n\t\t\t\t\t\t\t\t<a href=\"feed:https:\/\/rocknrolltrucking.blogspot.com\/feeds\/posts\/default\" aria-label=\"Subscribe\" title=\"Subscribe\"><svg class=\"blockroll-feed-icon\" xmlns=\"http:\/\/www.w3.org\/2000\/svg\" viewBox=\"0 0 24 24\" fill=\"currentColor\" aria-hidden=\"true\" focusable=\"false\"><path d=\"M5 10.2h-.8v1.5H5c1.9 0 3.8.8 5.1 2.1 1.4 1.4 2.1 3.2 2.1 5.1v.8h1.5V19c0-2.3-.9-4.5-2.6-6.2-1.6-1.6-3.8-2.6-6.1-2.6zm10.4-1.6C12.6 5.8 8.9 4.2 5 4.2h-.8v1.5H5c3.5 0 6.9 1.4 9.4 3.9s3.9 5.8 3.9 9.4v.8h1.5V19c0-3.9-1.6-7.6-4.4-10.4zM4 20h3v-3H4v3z\"><\/path><\/svg><\/a>\n\t\t\t\t\t\t\t\t<a class=\"u-feed\" rel=\"alternate noopener\" target=\"_blank\" type=\"application\/rss+xml\" href=\"https:\/\/rocknrolltrucking.blogspot.com\/feeds\/posts\/default\" title=\"Load the feed\">feed<\/a>\n\t\t\t\t\t\t\t<\/span>\n\t\t\t\t\t\t\t\t\t\t\t\t\t\t\t\t\t\t\t\t\t\t\t<\/div>\n\t\t\t\t\t\t\t<\/li>\n\t\t\t\t\t\t\t\t<li class=\"h-card\">\n\t\t\t\t\t\t\t\t\t\t\t\t\t\t\t<span class=\"blockroll-no-photo\"><\/span>\n\t\t\t\t\t\t\t\t\t\t\t\t\t<a class=\"u-url p-name\" rel=\"noopener\" target=\"_blank\" href=\"https:\/\/www.shopblogger.de\/blog\/\">Shopblogger<\/a>\n\t\t\t\t\t\t\t\t\t\t\t\t\t<div class=\"blockroll-meta\">\n\t\t\t\t\t\t\t\t\t\t\t\t\t<span class=\"blockroll-feed\">\n\t\t\t\t\t\t\t\t<a href=\"feed:https:\/\/www.shopblogger.de\/blog\/feeds\/atom10.xml\" aria-label=\"Subscribe\" title=\"Subscribe\"><svg class=\"blockroll-feed-icon\" xmlns=\"http:\/\/www.w3.org\/2000\/svg\" viewBox=\"0 0 24 24\" fill=\"currentColor\" aria-hidden=\"true\" focusable=\"false\"><path d=\"M5 10.2h-.8v1.5H5c1.9 0 3.8.8 5.1 2.1 1.4 1.4 2.1 3.2 2.1 5.1v.8h1.5V19c0-2.3-.9-4.5-2.6-6.2-1.6-1.6-3.8-2.6-6.1-2.6zm10.4-1.6C12.6 5.8 8.9 4.2 5 4.2h-.8v1.5H5c3.5 0 6.9 1.4 9.4 3.9s3.9 5.8 3.9 9.4v.8h1.5V19c0-3.9-1.6-7.6-4.4-10.4zM4 20h3v-3H4v3z\"><\/path><\/svg><\/a>\n\t\t\t\t\t\t\t\t<a class=\"u-feed\" rel=\"alternate noopener\" target=\"_blank\" type=\"application\/rss+xml\" href=\"https:\/\/www.shopblogger.de\/blog\/feeds\/atom10.xml\" title=\"Load the feed\">feed<\/a>\n\t\t\t\t\t\t\t<\/span>\n\t\t\t\t\t\t\t\t\t\t\t\t\t\t\t\t\t\t\t\t\t\t\t<\/div>\n\t\t\t\t\t\t\t<\/li>\n\t\t\t\t\t\t\t\t<li class=\"h-card\">\n\t\t\t\t\t\t\t\t\t\t\t\t\t\t\t<img decoding=\"async\" class=\"u-photo\" src=\"https:\/\/thevisualchronicle.com\/wp-content\/uploads\/2017\/03\/cropped-tvc-hollow-001.jpeg?w=32\" alt=\"\" loading=\"lazy\" \/>\n\t\t\t\t\t\t\t\t\t\t\t\t\t<a class=\"u-url p-name\" rel=\"noopener\" target=\"_blank\" href=\"https:\/\/thevisualchronicle.com\/\">The Visual Chronicle<\/a>\n\t\t\t\t\t\t\t\t\t\t\t\t\t<div class=\"blockroll-meta\">\n\t\t\t\t\t\t\t\t\t\t\t\t\t<span class=\"blockroll-feed\">\n\t\t\t\t\t\t\t\t<a href=\"feed:https:\/\/thevisualchronicle.com\/feed\/\" aria-label=\"Subscribe\" title=\"Subscribe\"><svg class=\"blockroll-feed-icon\" xmlns=\"http:\/\/www.w3.org\/2000\/svg\" viewBox=\"0 0 24 24\" fill=\"currentColor\" aria-hidden=\"true\" focusable=\"false\"><path d=\"M5 10.2h-.8v1.5H5c1.9 0 3.8.8 5.1 2.1 1.4 1.4 2.1 3.2 2.1 5.1v.8h1.5V19c0-2.3-.9-4.5-2.6-6.2-1.6-1.6-3.8-2.6-6.1-2.6zm10.4-1.6C12.6 5.8 8.9 4.2 5 4.2h-.8v1.5H5c3.5 0 6.9 1.4 9.4 3.9s3.9 5.8 3.9 9.4v.8h1.5V19c0-3.9-1.6-7.6-4.4-10.4zM4 20h3v-3H4v3z\"><\/path><\/svg><\/a>\n\t\t\t\t\t\t\t\t<a class=\"u-feed\" rel=\"alternate noopener\" target=\"_blank\" type=\"application\/rss+xml\" href=\"https:\/\/thevisualchronicle.com\/feed\/\" title=\"Load the feed\">feed<\/a>\n\t\t\t\t\t\t\t<\/span>\n\t\t\t\t\t\t\t\t\t\t\t\t\t\t\t\t\t\t\t\t\t\t\t<\/div>\n\t\t\t\t\t\t\t<\/li>\n\t\t\t\t\t\t\t\t<li class=\"h-card\">\n\t\t\t\t\t\t\t\t\t\t\t\t\t\t\t<span class=\"blockroll-no-photo\"><\/span>\n\t\t\t\t\t\t\t\t\t\t\t\t\t<a class=\"u-url p-name\" rel=\"noopener\" target=\"_blank\" href=\"https:\/\/www.tour-blog.de\/\">Tour-Blog<\/a>\n\t\t\t\t\t\t\t\t\t\t\t\t\t<div class=\"blockroll-meta\">\n\t\t\t\t\t\t\t\t\t\t\t\t\t<span class=\"blockroll-feed\">\n\t\t\t\t\t\t\t\t<a href=\"feed:https:\/\/www.tour-blog.de\/?feed=rss2\" aria-label=\"Subscribe\" title=\"Subscribe\"><svg class=\"blockroll-feed-icon\" xmlns=\"http:\/\/www.w3.org\/2000\/svg\" viewBox=\"0 0 24 24\" fill=\"currentColor\" aria-hidden=\"true\" focusable=\"false\"><path d=\"M5 10.2h-.8v1.5H5c1.9 0 3.8.8 5.1 2.1 1.4 1.4 2.1 3.2 2.1 5.1v.8h1.5V19c0-2.3-.9-4.5-2.6-6.2-1.6-1.6-3.8-2.6-6.1-2.6zm10.4-1.6C12.6 5.8 8.9 4.2 5 4.2h-.8v1.5H5c3.5 0 6.9 1.4 9.4 3.9s3.9 5.8 3.9 9.4v.8h1.5V19c0-3.9-1.6-7.6-4.4-10.4zM4 20h3v-3H4v3z\"><\/path><\/svg><\/a>\n\t\t\t\t\t\t\t\t<a class=\"u-feed\" rel=\"alternate noopener\" target=\"_blank\" type=\"application\/rss+xml\" href=\"https:\/\/www.tour-blog.de\/?feed=rss2\" title=\"Load the feed\">feed<\/a>\n\t\t\t\t\t\t\t<\/span>\n\t\t\t\t\t\t\t\t\t\t\t\t\t\t\t\t\t\t\t\t\t\t\t<\/div>\n\t\t\t\t\t\t\t<\/li>\n\t\t\t<\/ul>\n\t\t\t\t\t<p class=\"blockroll-opml\">\n\t\t\t<a href=\"https:\/\/truckonline.de\/blog\/woanders\/?opml\" download=\"blogroll.opml\">Download<\/a> or <a href=\"https:\/\/truckonline.de\/blog\/woanders\/?opml\">open<\/a> this blogroll as an OPML file.\t\t<\/p>\n\t<\/div>\n\n\n\n<p class=\"wp-block-paragraph\"><strong>Beruflich:<\/strong><\/p>\n\n\n<div class=\"wp-block-blockroll-blogroll\">\n\t\t\t<nav class=\"blockroll-controls\">\n\t\t\t<span class=\"blockroll-sort\">\n\t\t\t\tSort:\t\t\t\t\t\t\t\t\t\t\t\t\t\t\t\t\t\t\t\t<span aria-current=\"true\">By name<\/span>\n\t\t\t\t\t\t\t\t\t\t\t\t\t\t\t\t\t\t\t\t\t\t\t\t\t<a href=\"\/blog\/wp-json\/wp\/v2\/pages\/15664?blockroll-sort=added\">Newest first<\/a>\n\t\t\t\t\t\t\t\t\t\t\t\t<\/span>\n\t\t<\/nav>\n\t\t<ul class=\"blockroll-list xoxo blogroll\">\n\t\t\t\t\t\t\t\t<li class=\"h-card\">\n\t\t\t\t\t\t\t\t\t\t\t\t\t\t\t<img decoding=\"async\" class=\"u-photo\" src=\"https:\/\/www.dvz.de\/typo3conf\/ext\/sitepackage_dvz\/Resources\/Public\/Images\/favicon\/favicon.png\" alt=\"\" loading=\"lazy\" \/>\n\t\t\t\t\t\t\t\t\t\t\t\t\t<a class=\"u-url p-name\" rel=\"noopener\" target=\"_blank\" href=\"https:\/\/www.dvz.de\/\">Deutsche Verkehrs Zeitung<\/a>\n\t\t\t\t\t\t\t\t\t<p class=\"p-note\">Die DVZ informiert marktnah \u00fcber die aktuellen Entwicklungen der Transport- und Logistikbranche.<\/p>\n\t\t\t\t\t\t\t\t\t\t\t<\/li>\n\t\t\t\t\t\t\t\t<li class=\"h-card\">\n\t\t\t\t\t\t\t\t\t\t\t\t\t\t\t<img decoding=\"async\" class=\"u-photo\" src=\"https:\/\/www.eurotransport.de\/favicon.svg\" alt=\"\" loading=\"lazy\" \/>\n\t\t\t\t\t\t\t\t\t\t\t\t\t<a class=\"u-url p-name\" rel=\"noopener\" target=\"_blank\" href=\"https:\/\/www.eurotransport.de\/\">EuroTransport<\/a>\n\t\t\t\t\t\t\t\t\t<p class=\"p-note\">Alles zu Transport und Verkehr: Fahrzeuge, Tests, Fahrberichte, Verkehrspolitik, Aus- und Weiterbildung, Technik, Supertrucks, Trucksport<\/p>\n\t\t\t\t\t\t\t\t\t\t\t\t\t<div class=\"blockroll-meta\">\n\t\t\t\t\t\t\t\t\t\t\t\t\t<span class=\"blockroll-feed\">\n\t\t\t\t\t\t\t\t<a href=\"feed:https:\/\/www.eurotransport.de\/rss\/\" aria-label=\"Subscribe\" title=\"Subscribe\"><svg class=\"blockroll-feed-icon\" xmlns=\"http:\/\/www.w3.org\/2000\/svg\" viewBox=\"0 0 24 24\" fill=\"currentColor\" aria-hidden=\"true\" focusable=\"false\"><path d=\"M5 10.2h-.8v1.5H5c1.9 0 3.8.8 5.1 2.1 1.4 1.4 2.1 3.2 2.1 5.1v.8h1.5V19c0-2.3-.9-4.5-2.6-6.2-1.6-1.6-3.8-2.6-6.1-2.6zm10.4-1.6C12.6 5.8 8.9 4.2 5 4.2h-.8v1.5H5c3.5 0 6.9 1.4 9.4 3.9s3.9 5.8 3.9 9.4v.8h1.5V19c0-3.9-1.6-7.6-4.4-10.4zM4 20h3v-3H4v3z\"><\/path><\/svg><\/a>\n\t\t\t\t\t\t\t\t<a class=\"u-feed\" rel=\"alternate noopener\" target=\"_blank\" type=\"application\/rss+xml\" href=\"https:\/\/www.eurotransport.de\/rss\/\" title=\"Load the feed\">feed<\/a>\n\t\t\t\t\t\t\t<\/span>\n\t\t\t\t\t\t\t\t\t\t\t\t\t\t\t\t\t\t\t\t\t\t\t<\/div>\n\t\t\t\t\t\t\t<\/li>\n\t\t\t\t\t\t\t\t<li class=\"h-card\">\n\t\t\t\t\t\t\t\t\t\t\t\t\t\t\t<img decoding=\"async\" class=\"u-photo\" src=\"https:\/\/www.eurotransport.de\/favicon.svg\" alt=\"\" loading=\"lazy\" \/>\n\t\t\t\t\t\t\t\t\t\t\t\t\t<a class=\"u-url p-name\" rel=\"noopener\" target=\"_blank\" href=\"https:\/\/www.eurotransport.de\/fahrer\/\">Fernfahrer<\/a>\n\t\t\t\t\t\t\t\t\t<p class=\"p-note\">Alles f\u00fcr Fernfahrer, Trucker und Fans von Oldtimern sowie Trucksport aus einer Hand. Infos und Tipps f\u00fcr den Arbeitsalltag und zu Fahrertreffen und Festivals.<\/p>\n\t\t\t\t\t\t\t\t\t\t\t<\/li>\n\t\t\t\t\t\t\t\t<li class=\"h-card\">\n\t\t\t\t\t\t\t\t\t\t\t\t\t\t\t<span class=\"blockroll-no-photo\"><\/span>\n\t\t\t\t\t\t\t\t\t\t\t\t\t<a class=\"u-url p-name\" rel=\"noopener\" target=\"_blank\" href=\"https:\/\/trans.info\/de\">Portal f\u00fcr Transport und Logistik | trans.info<\/a>\n\t\t\t\t\t\t\t\t\t<p class=\"p-note\">Trans.info \u2013 aktuelle Marktdaten und Frachtraten f\u00fcr die TSL-Branche. T\u00e4gliche Nachrichten und Expertenanalysen f\u00fcr Transport- und Logistikprofis.<\/p>\n\t\t\t\t\t\t\t\t\t\t\t<\/li>\n\t\t\t\t\t\t\t\t<li class=\"h-card\">\n\t\t\t\t\t\t\t\t\t\t\t\t\t\t\t<img decoding=\"async\" class=\"u-photo\" src=\"https:\/\/www.trucker.de\/favicon.ico\" alt=\"\" loading=\"lazy\" \/>\n\t\t\t\t\t\t\t\t\t\t\t\t\t<a class=\"u-url p-name\" rel=\"noopener\" target=\"_blank\" href=\"https:\/\/www.trucker.de\/\">TRUCKER | Die Community f\u00fcr LKW Fahrer, Fernfahrer, Berufskraftfahrer mit Trucks<\/a>\n\t\t\t\t\t\t\t\t\t<p class=\"p-note\">trucker.de ist das Nachrichtenportal f\u00fcr LKW Fahrer, Fernfahrer, Berufskraftfahrer im Nah- und Fernverkehr sowie f\u00fcr Lkw-Fans im DACH-Raum. Das Portal bietet umfangreiche Testberichte aller Lkw- und Transportermarken, tagesaktuelle Nachrichten, Reportagen und multimediale Angebote mit Bildergalerien und Videos f\u00fcr TRUCKER-Leser.<\/p>\n\t\t\t\t\t\t\t\t\t\t\t<\/li>\n\t\t\t\t\t\t\t\t<li class=\"h-card\">\n\t\t\t\t\t\t\t\t\t\t\t\t\t\t\t<img decoding=\"async\" class=\"u-photo\" src=\"https:\/\/www.verkehrsrundschau.de\/favicon.ico\" alt=\"\" loading=\"lazy\" \/>\n\t\t\t\t\t\t\t\t\t\t\t\t\t<a class=\"u-url p-name\" rel=\"noopener\" target=\"_blank\" href=\"https:\/\/www.verkehrsrundschau.de\/\">verkehrsrundschau.de | Nachrichten f\u00fcr Spedition, Transport und Logistik<\/a>\n\t\t\t\t\t\t\t\t\t<p class=\"p-note\">VerkehrsRundschau.de ist das Portal f\u00fcr Spedition, Transport und Logistik. Nachrichten, Studien, Dossiers und Branchen-Infos rund um das Thema Verkehr.<\/p>\n\t\t\t\t\t\t\t\t\t\t\t<\/li>\n\t\t\t<\/ul>\n\t\t\t\t\t<p class=\"blockroll-opml\">\n\t\t\t<a href=\"https:\/\/truckonline.de\/blog\/woanders\/?opml\" download=\"blogroll.opml\">Download<\/a> or <a href=\"https:\/\/truckonline.de\/blog\/woanders\/?opml\">open<\/a> this blogroll as an OPML file.\t\t<\/p>\n\t<\/div>\n\n\n\n<p class=\"wp-block-paragraph\"><strong>Podcasts:<\/strong><\/p>\n\n\n<div class=\"wp-block-blockroll-blogroll\">\n\t\t\t<nav class=\"blockroll-controls\">\n\t\t\t<span class=\"blockroll-sort\">\n\t\t\t\tSort:\t\t\t\t\t\t\t\t\t\t\t\t\t\t\t\t\t\t\t\t<span aria-current=\"true\">By name<\/span>\n\t\t\t\t\t\t\t\t\t\t\t\t\t\t\t\t\t\t\t\t\t\t\t\t\t<a href=\"\/blog\/wp-json\/wp\/v2\/pages\/15664?blockroll-sort=added\">Newest first<\/a>\n\t\t\t\t\t\t\t\t\t\t\t\t<\/span>\n\t\t<\/nav>\n\t\t<ul class=\"blockroll-list xoxo blogroll\">\n\t\t\t\t\t\t\t\t<li class=\"h-card\">\n\t\t\t\t\t\t\t\t\t\t\t\t\t\t\t<img decoding=\"async\" class=\"u-photo\" src=\"https:\/\/dgig.podigee.io\/assets\/favicons\/favicon-96x96-e595067f367308346f53dde5921f8c405a8768e68e5594a49009ca9e6d6666fe.png\" alt=\"\" loading=\"lazy\" \/>\n\t\t\t\t\t\t\t\t\t\t\t\t\t<a class=\"u-url p-name\" rel=\"noopener\" target=\"_blank\" href=\"https:\/\/dgig.podigee.io\/\">Das Gleiche in Gr\u00fcn?! &#8211; Podcast<\/a>\n\t\t\t\t\t\t\t\t\t<p class=\"p-note\">Das Gleiche in Gr\u00fcn?! &#8211; Der Podcast f\u00fcr Nachhaltigkeit in Logistik und Lieferkette Jeden zweiten Dienstag gibt es bei DGIG?! neue Inspiration auf die Ohren. Timo Landener und Moritz Petersen diskutieren mit spannenden G\u00e4sten, wie Logistik und Lieferketten nachhaltiger gestaltet werden k\u00f6nnen. Jeden Freitag gibt es in WEEKLY die neuesten Entwicklungen und Studien zum Thema &#8211; mit Humor und auf den Punkt.<\/p>\n\t\t\t\t\t\t\t\t\t\t\t\t\t<div class=\"blockroll-meta\">\n\t\t\t\t\t\t\t\t\t\t\t\t\t<span class=\"blockroll-feed\">\n\t\t\t\t\t\t\t\t<a href=\"feed:https:\/\/dgig.podigee.io\/feed\/mp3\" aria-label=\"Subscribe\" title=\"Subscribe\"><svg class=\"blockroll-feed-icon\" xmlns=\"http:\/\/www.w3.org\/2000\/svg\" viewBox=\"0 0 24 24\" fill=\"currentColor\" aria-hidden=\"true\" focusable=\"false\"><path d=\"M5 10.2h-.8v1.5H5c1.9 0 3.8.8 5.1 2.1 1.4 1.4 2.1 3.2 2.1 5.1v.8h1.5V19c0-2.3-.9-4.5-2.6-6.2-1.6-1.6-3.8-2.6-6.1-2.6zm10.4-1.6C12.6 5.8 8.9 4.2 5 4.2h-.8v1.5H5c3.5 0 6.9 1.4 9.4 3.9s3.9 5.8 3.9 9.4v.8h1.5V19c0-3.9-1.6-7.6-4.4-10.4zM4 20h3v-3H4v3z\"><\/path><\/svg><\/a>\n\t\t\t\t\t\t\t\t<a class=\"u-feed\" rel=\"alternate noopener\" target=\"_blank\" type=\"application\/rss+xml\" href=\"https:\/\/dgig.podigee.io\/feed\/mp3\" title=\"Load the feed\">feed<\/a>\n\t\t\t\t\t\t\t<\/span>\n\t\t\t\t\t\t\t\t\t\t\t\t\t\t\t\t\t\t\t\t\t\t\t<\/div>\n\t\t\t\t\t\t\t<\/li>\n\t\t\t\t\t\t\t\t<li class=\"h-card\">\n\t\t\t\t\t\t\t\t\t\t\t\t\t\t\t<img decoding=\"async\" class=\"u-photo\" src=\"https:\/\/cdn.podcastcms.de\/images\/defaults\/favicon.ico\" alt=\"\" loading=\"lazy\" \/>\n\t\t\t\t\t\t\t\t\t\t\t\t\t<a class=\"u-url p-name\" rel=\"noopener\" target=\"_blank\" href=\"https:\/\/www.podcast.de\/podcast\/3548985\/funkkontakt\">Funkkontakt ~ Podcast von Kai Nu\u00dfbaum und Max Menninger<\/a>\n\t\t\t\t\t\t\t\t\t<p class=\"p-note\">In den Funkkontakt Podcast kostenlos online reinh\u00f6ren und hier abonnieren.<\/p>\n\t\t\t\t\t\t\t\t\t\t\t\t\t<div class=\"blockroll-meta\">\n\t\t\t\t\t\t\t\t\t\t\t\t\t<span class=\"blockroll-feed\">\n\t\t\t\t\t\t\t\t<a href=\"feed:https:\/\/www.podcast.de\/feeds\/news\" aria-label=\"Subscribe\" title=\"Subscribe\"><svg class=\"blockroll-feed-icon\" xmlns=\"http:\/\/www.w3.org\/2000\/svg\" viewBox=\"0 0 24 24\" fill=\"currentColor\" aria-hidden=\"true\" focusable=\"false\"><path d=\"M5 10.2h-.8v1.5H5c1.9 0 3.8.8 5.1 2.1 1.4 1.4 2.1 3.2 2.1 5.1v.8h1.5V19c0-2.3-.9-4.5-2.6-6.2-1.6-1.6-3.8-2.6-6.1-2.6zm10.4-1.6C12.6 5.8 8.9 4.2 5 4.2h-.8v1.5H5c3.5 0 6.9 1.4 9.4 3.9s3.9 5.8 3.9 9.4v.8h1.5V19c0-3.9-1.6-7.6-4.4-10.4zM4 20h3v-3H4v3z\"><\/path><\/svg><\/a>\n\t\t\t\t\t\t\t\t<a class=\"u-feed\" rel=\"alternate noopener\" target=\"_blank\" type=\"application\/rss+xml\" href=\"https:\/\/www.podcast.de\/feeds\/news\" title=\"Load the feed\">feed<\/a>\n\t\t\t\t\t\t\t<\/span>\n\t\t\t\t\t\t\t\t\t\t\t\t\t\t\t\t\t\t\t\t\t\t\t<\/div>\n\t\t\t\t\t\t\t<\/li>\n\t\t\t\t\t\t\t\t<li class=\"h-card\">\n\t\t\t\t\t\t\t\t\t\t\t\t\t\t\t<img decoding=\"async\" class=\"u-photo\" src=\"https:\/\/logistikpodcast.de\/wp-content\/uploads\/2025\/09\/cropped-logistikpodcast-Cover-scaled-1-32x32.png\" alt=\"\" loading=\"lazy\" \/>\n\t\t\t\t\t\t\t\t\t\t\t\t\t<a class=\"u-url p-name\" rel=\"noopener\" target=\"_blank\" href=\"https:\/\/logistikpodcast.de\/\">logistikpodcast &#8211; Der Podcast f\u00fcr Logistik<\/a>\n\t\t\t\t\t\t\t\t\t<p class=\"p-note\">Der Podcast f\u00fcr Logistik<\/p>\n\t\t\t\t\t\t\t\t\t\t\t\t\t<div class=\"blockroll-meta\">\n\t\t\t\t\t\t\t\t\t\t\t\t\t<span class=\"blockroll-feed\">\n\t\t\t\t\t\t\t\t<a href=\"feed:https:\/\/logistikpodcast.de\/feed\/\" aria-label=\"Subscribe\" title=\"Subscribe\"><svg class=\"blockroll-feed-icon\" xmlns=\"http:\/\/www.w3.org\/2000\/svg\" viewBox=\"0 0 24 24\" fill=\"currentColor\" aria-hidden=\"true\" focusable=\"false\"><path d=\"M5 10.2h-.8v1.5H5c1.9 0 3.8.8 5.1 2.1 1.4 1.4 2.1 3.2 2.1 5.1v.8h1.5V19c0-2.3-.9-4.5-2.6-6.2-1.6-1.6-3.8-2.6-6.1-2.6zm10.4-1.6C12.6 5.8 8.9 4.2 5 4.2h-.8v1.5H5c3.5 0 6.9 1.4 9.4 3.9s3.9 5.8 3.9 9.4v.8h1.5V19c0-3.9-1.6-7.6-4.4-10.4zM4 20h3v-3H4v3z\"><\/path><\/svg><\/a>\n\t\t\t\t\t\t\t\t<a class=\"u-feed\" rel=\"alternate noopener\" target=\"_blank\" type=\"application\/rss+xml\" href=\"https:\/\/logistikpodcast.de\/feed\/\" title=\"Load the feed\">feed<\/a>\n\t\t\t\t\t\t\t<\/span>\n\t\t\t\t\t\t\t\t\t\t\t\t\t\t\t\t\t\t\t\t\t\t\t<\/div>\n\t\t\t\t\t\t\t<\/li>\n\t\t\t\t\t\t\t\t<li class=\"h-card\">\n\t\t\t\t\t\t\t\t\t\t\t\t\t\t\t<img decoding=\"async\" class=\"u-photo\" src=\"https:\/\/www.daimlertruck.com\/favicon-32x32.png\" alt=\"\" loading=\"lazy\" \/>\n\t\t\t\t\t\t\t\t\t\t\t\t\t<a class=\"u-url p-name\" rel=\"noopener\" target=\"_blank\" href=\"https:\/\/www.daimlertruck.com\/newsroom\/podcast\">Podcast | Daimler Truck<\/a>\n\t\t\t\t\t\t\t\t\t<p class=\"p-note\">In seinem Podcast \u201eTransportation Matters\u201c lud Martin Daum, ehemaliger CEO von Daimler Truck, namhafte G\u00e4ste ein, um mit ihnen \u00fcber relevante Themen wie die Zukunft des Transports, Nachhaltigkeit, F\u00fchrung und unternehmerische Ethik zu diskutieren.<\/p>\n\t\t\t\t\t\t\t\t\t\t\t<\/li>\n\t\t\t\t\t\t\t\t<li class=\"h-card\">\n\t\t\t\t\t\t\t\t\t\t\t\t\t\t\t<img decoding=\"async\" class=\"u-photo\" src=\"https:\/\/the-passenger.podigee.io\/assets\/favicons\/favicon-96x96-e595067f367308346f53dde5921f8c405a8768e68e5594a49009ca9e6d6666fe.png\" alt=\"\" loading=\"lazy\" \/>\n\t\t\t\t\t\t\t\t\t\t\t\t\t<a class=\"u-url p-name\" rel=\"noopener\" target=\"_blank\" href=\"https:\/\/the-passenger.podigee.io\/\">The Passenger \u2013 Die Zukunft der Mobilit\u00e4t &#8211; Podcast<\/a>\n\t\t\t\t\t\t\t\t\t<p class=\"p-note\">Im Podcast &quot;The Passenger&quot; spricht der Hamburger Journalist Christian Cohrs mit Vordenker*innen und Macher*innen der neuen Mobilit\u00e4t. Und zwar aus der Perspektive derjenigen, die diese Zukunft am meisten betrifft: uns allen, die wir k\u00fcnftige Services und neuartige Fahrzeugen nutzen werden.<\/p>\n\t\t\t\t\t\t\t\t\t\t\t\t\t<div class=\"blockroll-meta\">\n\t\t\t\t\t\t\t\t\t\t\t\t\t<span class=\"blockroll-feed\">\n\t\t\t\t\t\t\t\t<a href=\"feed:https:\/\/the-passenger.podigee.io\/feed\/mp3\" aria-label=\"Subscribe\" title=\"Subscribe\"><svg class=\"blockroll-feed-icon\" xmlns=\"http:\/\/www.w3.org\/2000\/svg\" viewBox=\"0 0 24 24\" fill=\"currentColor\" aria-hidden=\"true\" focusable=\"false\"><path d=\"M5 10.2h-.8v1.5H5c1.9 0 3.8.8 5.1 2.1 1.4 1.4 2.1 3.2 2.1 5.1v.8h1.5V19c0-2.3-.9-4.5-2.6-6.2-1.6-1.6-3.8-2.6-6.1-2.6zm10.4-1.6C12.6 5.8 8.9 4.2 5 4.2h-.8v1.5H5c3.5 0 6.9 1.4 9.4 3.9s3.9 5.8 3.9 9.4v.8h1.5V19c0-3.9-1.6-7.6-4.4-10.4zM4 20h3v-3H4v3z\"><\/path><\/svg><\/a>\n\t\t\t\t\t\t\t\t<a class=\"u-feed\" rel=\"alternate noopener\" target=\"_blank\" type=\"application\/rss+xml\" href=\"https:\/\/the-passenger.podigee.io\/feed\/mp3\" title=\"Load the feed\">feed<\/a>\n\t\t\t\t\t\t\t<\/span>\n\t\t\t\t\t\t\t\t\t\t\t\t\t\t\t\t\t\t\t\t\t\t\t<\/div>\n\t\t\t\t\t\t\t<\/li>\n\t\t\t<\/ul>\n\t\t\t\t\t<p class=\"blockroll-opml\">\n\t\t\t<a href=\"https:\/\/truckonline.de\/blog\/woanders\/?opml\" download=\"blogroll.opml\">Download<\/a> or <a href=\"https:\/\/truckonline.de\/blog\/woanders\/?opml\">open<\/a> this blogroll as an OPML file.\t\t<\/p>\n\t<\/div>\n\n\n\n<p class=\"wp-block-paragraph\"><\/p>\n","protected":false},"excerpt":{"rendered":"<p>Blogs: Beruflich: Podcasts:<\/p>\n","protected":false},"author":3,"featured_media":0,"parent":0,"menu_order":0,"comment_status":"closed","ping_status":"closed","template":"","meta":{"iawp_total_views":0,"_metis_text_type":"standard","_metis_text_length":3045,"_post_count":0,"footnotes":""},"class_list":["post-15664","page","type-page","status-publish","hentry","ratio-2-1","entry"],"yoast_head":"<!-- This site is optimized with the Yoast SEO plugin v28.4 - https:\/\/yoast.com\/product\/yoast-seo-wordpress\/ -->\n<title>Anderswo | TruckOnline.de<\/title>\n<meta name=\"description\" content=\"Blogs:   Beruflich:   Podcasts:\" \/>\n<meta name=\"robots\" content=\"index, follow, max-snippet:-1, max-image-preview:large, max-video-preview:-1\" \/>\n<link rel=\"canonical\" href=\"https:\/\/truckonline.de\/blog\/woanders\/\" \/>\n<meta property=\"og:locale\" content=\"de_DE\" \/>\n<meta property=\"og:type\" content=\"article\" \/>\n<meta property=\"og:title\" content=\"Anderswo | TruckOnline.de\" \/>\n<meta property=\"og:url\" content=\"https:\/\/truckonline.de\/blog\/woanders\/\" \/>\n<meta property=\"og:site_name\" content=\"TruckOnline.de\" \/>\n<meta property=\"article:publisher\" content=\"https:\/\/www.facebook.com\/truckblog\" \/>\n<meta property=\"article:modified_time\" content=\"2026-09-06T13:07:25+00:00\" \/>\n<meta property=\"og:image\" content=\"https:\/\/truckonline.de\/blog\/wp-content\/uploads\/2019\/12\/IMG_20191229_225424-scaled.jpg\" \/>\n\t<meta property=\"og:image:width\" content=\"2560\" \/>\n\t<meta property=\"og:image:height\" content=\"1920\" \/>\n\t<meta property=\"og:image:type\" content=\"image\/jpeg\" \/>\n<meta name=\"twitter:card\" content=\"summary_large_image\" \/>\n<meta name=\"twitter:site\" content=\"@truckblog\" \/>\n<meta name=\"twitter:label1\" content=\"Gesch\u00e4tzte Lesezeit\" \/>\n\t<meta name=\"twitter:data1\" content=\"1\u00a0Minute\" \/>\n<script type=\"application\/ld+json\" class=\"yoast-schema-graph\">{\"@context\":\"https:\\\/\\\/schema.org\",\"@graph\":[{\"@type\":\"Article\",\"@id\":\"https:\\\/\\\/truckonline.de\\\/blog\\\/woanders\\\/#article\",\"isPartOf\":{\"@id\":\"https:\\\/\\\/truckonline.de\\\/blog\\\/woanders\\\/\"},\"author\":{\"name\":\"maik\",\"@id\":\"https:\\\/\\\/truckonline.de\\\/blog\\\/#\\\/schema\\\/person\\\/4cb59b86ffde81f882f56439688fda19\"},\"headline\":\"Anderswo\",\"datePublished\":\"2026-09-06T12:38:52+00:00\",\"dateModified\":\"2026-09-06T13:07:25+00:00\",\"mainEntityOfPage\":{\"@id\":\"https:\\\/\\\/truckonline.de\\\/blog\\\/woanders\\\/\"},\"wordCount\":4,\"publisher\":{\"@id\":\"https:\\\/\\\/truckonline.de\\\/blog\\\/#\\\/schema\\\/person\\\/4cb59b86ffde81f882f56439688fda19\"},\"inLanguage\":\"de\"},{\"@type\":\"WebPage\",\"@id\":\"https:\\\/\\\/truckonline.de\\\/blog\\\/woanders\\\/\",\"url\":\"https:\\\/\\\/truckonline.de\\\/blog\\\/woanders\\\/\",\"name\":\"Anderswo | TruckOnline.de\",\"isPartOf\":{\"@id\":\"https:\\\/\\\/truckonline.de\\\/blog\\\/#website\"},\"datePublished\":\"2026-09-06T12:38:52+00:00\",\"dateModified\":\"2026-09-06T13:07:25+00:00\",\"description\":\"Blogs: Beruflich: Podcasts:\",\"breadcrumb\":{\"@id\":\"https:\\\/\\\/truckonline.de\\\/blog\\\/woanders\\\/#breadcrumb\"},\"inLanguage\":\"de\",\"potentialAction\":[{\"@type\":\"ReadAction\",\"target\":[\"https:\\\/\\\/truckonline.de\\\/blog\\\/woanders\\\/\"]}]},{\"@type\":\"BreadcrumbList\",\"@id\":\"https:\\\/\\\/truckonline.de\\\/blog\\\/woanders\\\/#breadcrumb\",\"itemListElement\":[{\"@type\":\"ListItem\",\"position\":1,\"name\":\"Startseite\",\"item\":\"https:\\\/\\\/truckonline.de\\\/blog\\\/\"},{\"@type\":\"ListItem\",\"position\":2,\"name\":\"Anderswo\"}]},{\"@type\":\"WebSite\",\"@id\":\"https:\\\/\\\/truckonline.de\\\/blog\\\/#website\",\"url\":\"https:\\\/\\\/truckonline.de\\\/blog\\\/\",\"name\":\"TruckOnline.de\",\"description\":\"\",\"publisher\":{\"@id\":\"https:\\\/\\\/truckonline.de\\\/blog\\\/#\\\/schema\\\/person\\\/4cb59b86ffde81f882f56439688fda19\"},\"potentialAction\":[{\"@type\":\"SearchAction\",\"target\":{\"@type\":\"EntryPoint\",\"urlTemplate\":\"https:\\\/\\\/truckonline.de\\\/blog\\\/?s={search_term_string}\"},\"query-input\":{\"@type\":\"PropertyValueSpecification\",\"valueRequired\":true,\"valueName\":\"search_term_string\"}}],\"inLanguage\":\"de\"},{\"@type\":[\"Person\",\"Organization\"],\"@id\":\"https:\\\/\\\/truckonline.de\\\/blog\\\/#\\\/schema\\\/person\\\/4cb59b86ffde81f882f56439688fda19\",\"name\":\"maik\",\"image\":{\"@type\":\"ImageObject\",\"inLanguage\":\"de\",\"@id\":\"https:\\\/\\\/truckonline.de\\\/blog\\\/wp-content\\\/uploads\\\/2019\\\/12\\\/logoinnenweiss.png\",\"url\":\"https:\\\/\\\/truckonline.de\\\/blog\\\/wp-content\\\/uploads\\\/2019\\\/12\\\/logoinnenweiss.png\",\"contentUrl\":\"https:\\\/\\\/truckonline.de\\\/blog\\\/wp-content\\\/uploads\\\/2019\\\/12\\\/logoinnenweiss.png\",\"width\":733,\"height\":125,\"caption\":\"maik\"},\"logo\":{\"@id\":\"https:\\\/\\\/truckonline.de\\\/blog\\\/wp-content\\\/uploads\\\/2019\\\/12\\\/logoinnenweiss.png\"},\"sameAs\":[\"https:\\\/\\\/www.facebook.com\\\/truckblog\",\"https:\\\/\\\/www.instagram.com\\\/truck_online\\\/\",\"https:\\\/\\\/x.com\\\/https:\\\/\\\/twitter.com\\\/truckblog\",\"https:\\\/\\\/www.youtube.com\\\/user\\\/truckonline\",\"https:\\\/\\\/www.tumblr.com\\\/truckonline\"]}]}<\/script>\n<!-- \/ Yoast SEO plugin. -->","yoast_head_json":{"title":"Anderswo | TruckOnline.de","description":"Blogs:   Beruflich:   Podcasts:","robots":{"index":"index","follow":"follow","max-snippet":"max-snippet:-1","max-image-preview":"max-image-preview:large","max-video-preview":"max-video-preview:-1"},"canonical":"https:\/\/truckonline.de\/blog\/woanders\/","og_locale":"de_DE","og_type":"article","og_title":"Anderswo | TruckOnline.de","og_url":"https:\/\/truckonline.de\/blog\/woanders\/","og_site_name":"TruckOnline.de","article_publisher":"https:\/\/www.facebook.com\/truckblog","article_modified_time":"2026-09-06T13:07:25+00:00","og_image":[{"width":2560,"height":1920,"url":"https:\/\/truckonline.de\/blog\/wp-content\/uploads\/2019\/12\/IMG_20191229_225424-scaled.jpg","type":"image\/jpeg"}],"twitter_card":"summary_large_image","twitter_site":"@truckblog","twitter_misc":{"Gesch\u00e4tzte Lesezeit":"1\u00a0Minute"},"schema":{"@context":"https:\/\/schema.org","@graph":[{"@type":"Article","@id":"https:\/\/truckonline.de\/blog\/woanders\/#article","isPartOf":{"@id":"https:\/\/truckonline.de\/blog\/woanders\/"},"author":{"name":"maik","@id":"https:\/\/truckonline.de\/blog\/#\/schema\/person\/4cb59b86ffde81f882f56439688fda19"},"headline":"Anderswo","datePublished":"2026-09-06T12:38:52+00:00","dateModified":"2026-09-06T13:07:25+00:00","mainEntityOfPage":{"@id":"https:\/\/truckonline.de\/blog\/woanders\/"},"wordCount":4,"publisher":{"@id":"https:\/\/truckonline.de\/blog\/#\/schema\/person\/4cb59b86ffde81f882f56439688fda19"},"inLanguage":"de"},{"@type":"WebPage","@id":"https:\/\/truckonline.de\/blog\/woanders\/","url":"https:\/\/truckonline.de\/blog\/woanders\/","name":"Anderswo | TruckOnline.de","isPartOf":{"@id":"https:\/\/truckonline.de\/blog\/#website"},"datePublished":"2026-09-06T12:38:52+00:00","dateModified":"2026-09-06T13:07:25+00:00","description":"Blogs: Beruflich: Podcasts:","breadcrumb":{"@id":"https:\/\/truckonline.de\/blog\/woanders\/#breadcrumb"},"inLanguage":"de","potentialAction":[{"@type":"ReadAction","target":["https:\/\/truckonline.de\/blog\/woanders\/"]}]},{"@type":"BreadcrumbList","@id":"https:\/\/truckonline.de\/blog\/woanders\/#breadcrumb","itemListElement":[{"@type":"ListItem","position":1,"name":"Startseite","item":"https:\/\/truckonline.de\/blog\/"},{"@type":"ListItem","position":2,"name":"Anderswo"}]},{"@type":"WebSite","@id":"https:\/\/truckonline.de\/blog\/#website","url":"https:\/\/truckonline.de\/blog\/","name":"TruckOnline.de","description":"","publisher":{"@id":"https:\/\/truckonline.de\/blog\/#\/schema\/person\/4cb59b86ffde81f882f56439688fda19"},"potentialAction":[{"@type":"SearchAction","target":{"@type":"EntryPoint","urlTemplate":"https:\/\/truckonline.de\/blog\/?s={search_term_string}"},"query-input":{"@type":"PropertyValueSpecification","valueRequired":true,"valueName":"search_term_string"}}],"inLanguage":"de"},{"@type":["Person","Organization"],"@id":"https:\/\/truckonline.de\/blog\/#\/schema\/person\/4cb59b86ffde81f882f56439688fda19","name":"maik","image":{"@type":"ImageObject","inLanguage":"de","@id":"https:\/\/truckonline.de\/blog\/wp-content\/uploads\/2019\/12\/logoinnenweiss.png","url":"https:\/\/truckonline.de\/blog\/wp-content\/uploads\/2019\/12\/logoinnenweiss.png","contentUrl":"https:\/\/truckonline.de\/blog\/wp-content\/uploads\/2019\/12\/logoinnenweiss.png","width":733,"height":125,"caption":"maik"},"logo":{"@id":"https:\/\/truckonline.de\/blog\/wp-content\/uploads\/2019\/12\/logoinnenweiss.png"},"sameAs":["https:\/\/www.facebook.com\/truckblog","https:\/\/www.instagram.com\/truck_online\/","https:\/\/x.com\/https:\/\/twitter.com\/truckblog","https:\/\/www.youtube.com\/user\/truckonline","https:\/\/www.tumblr.com\/truckonline"]}]}},"public_identification_id":"4f94b5b7a2d24a6c87df670ce3b84243","private_identification_id":"85f7cc4076284787b0f3cb7a02e2c767","_links":{"self":[{"href":"https:\/\/truckonline.de\/blog\/wp-json\/wp\/v2\/pages\/15664","targetHints":{"allow":["GET"]}}],"collection":[{"href":"https:\/\/truckonline.de\/blog\/wp-json\/wp\/v2\/pages"}],"about":[{"href":"https:\/\/truckonline.de\/blog\/wp-json\/wp\/v2\/types\/page"}],"author":[{"embeddable":true,"href":"https:\/\/truckonline.de\/blog\/wp-json\/wp\/v2\/users\/3"}],"replies":[{"embeddable":true,"href":"https:\/\/truckonline.de\/blog\/wp-json\/wp\/v2\/comments?post=15664"}],"version-history":[{"count":12,"href":"https:\/\/truckonline.de\/blog\/wp-json\/wp\/v2\/pages\/15664\/revisions"}],"predecessor-version":[{"id":15683,"href":"https:\/\/truckonline.de\/blog\/wp-json\/wp\/v2\/pages\/15664\/revisions\/15683"}],"wp:attachment":[{"href":"https:\/\/truckonline.de\/blog\/wp-json\/wp\/v2\/media?parent=15664"}],"curies":[{"name":"wp","href":"https:\/\/api.w.org\/{rel}","templated":true}]}}